{"id":605,"date":"2025-04-21T18:22:06","date_gmt":"2025-04-21T18:22:06","guid":{"rendered":"https:\/\/hadeal.org\/home\/"},"modified":"2026-04-23T09:38:52","modified_gmt":"2026-04-23T09:38:52","slug":"home","status":"publish","type":"page","link":"https:\/\/apcadma.com\/fr\/","title":{"rendered":"Page d&rsquo;acceuil"},"content":{"rendered":"<div class=\"hero-section\">\n    <div class=\"hero-slider owl-carousel\">\n                    <div class=\"hero-single\" style=\"background-image: url(https:\/\/apcadma.com\/wp-content\/uploads\/2025\/04\/slider-2.jpg);\">\n                <div class=\"container\">\n                    <div class=\"row align-items-center\">\n                        <div class=\"col-md-12 col-lg-12 text_hdline\">\n                            <div class=\"hero-content\">\n                                <h1 class=\"hero-title\" data-animation=\"fadeInRight\" data-delay=\".50s\">\n                                    &quot; En v\u00e9rit\u00e9, je vous le dis : tout ce que vous avez fait \u00e0 l\u2019un de ces plus petits de mes fr\u00e8res, c\u2019est \u00e0 moi que vous l\u2019avez fait\u2026 &quot;                                <\/h1>\n                            <\/div>\n                        <\/div>\n                    <\/div>\n                <\/div>\n            <\/div>\n                    <div class=\"hero-single\" style=\"background-image: url(https:\/\/apcadma.com\/wp-content\/uploads\/2025\/04\/slider-1.jpg);\">\n                <div class=\"container\">\n                    <div class=\"row align-items-center\">\n                        <div class=\"col-md-12 col-lg-12 text_hdline\">\n                            <div class=\"hero-content\">\n                                <h1 class=\"hero-title\" data-animation=\"fadeInRight\" data-delay=\".50s\">\n                                    &quot; Car j\u2019avais faim et vous m\u2019avez donn\u00e9 \u00e0 manger, j\u2019avais soif et vous m\u2019avez donn\u00e9 \u00e0 boire, j\u2019\u00e9tais \u00e9tranger et vous m\u2019avez accueilli\u2026 &quot;                                <\/h1>\n                            <\/div>\n                        <\/div>\n                    <\/div>\n                <\/div>\n            <\/div>\n            <\/div>\n<\/div>\n\n\n\n<div class=\"feature-area2 pt-80 pb-100\">\n    <div class=\"container\">\n        <div class=\"feature-wrapper\">\n            <div class=\"row g-4\">\n                                                        <div class=\"col-md-6 col-lg-3 mid\">\n                        <div class=\"feature-item wow fadeInUp\" data-wow-delay=\"0.25s\">\n                            <div class=\"feature-icon\">\n                                <!-- <img decoding=\"async\" src=\"assets\/img\/icon\/nurse.svg\" alt=\"\"> -->\n                            <\/div>\n                            <div class=\"feature-content color_text\">\n                                 <!-- Output SVG as an image -->\n                                                                     <svg xmlns=\"http:\/\/www.w3.org\/2000\/svg\" width=\"24\" height=\"24\" viewBox=\"0 0 24 24\" fill=\"none\" stroke=\"currentColor\" stroke-width=\"2\" stroke-linecap=\"round\" stroke-linejoin=\"round\" class=\"icon icon-tabler icons-tabler-outline icon-tabler-heart-handshake\">\n                                <path stroke=\"none\" d=\"M0 0h24v24H0z\" fill=\"none\" \/>\n                                <path d=\"M19.5 12.572l-7.5 7.428l-7.5 -7.428a5 5 0 1 1 7.5 -6.566a5 5 0 1 1 7.5 6.572\" \/>\n                                <path d=\"M12 6l-3.293 3.293a1 1 0 0 0 0 1.414l.543 .543c.69 .69 1.81 .69 2.5 0l1 -1a3.182 3.182 0 0 1 4.5 0l2.25 2.25\" \/>\n                                <path d=\"M12.5 15.5l2 2\" \/>\n                                <path d=\"M15 13l2 2\" \/>\n                            <\/svg> \n                                                                <h4>Devenez un ami de l\u2019APC<\/h4>\n                                <p>Impliquez-vous<br \/>\r\nVous \u00eates notre force motrice \u2014 votre aide est pr\u00e9cieuse et essentielle.<br \/>\r\nFaites partie de notre \u00e9quipe et rejoignez notre mission.<\/p>\n                                                                    <a href=\"https:\/\/apcadma.com\/become-a-member\/\" class=\"theme-btn btn_adjust\" target=\"_self\">\n                                        join us                                        <i class=\"fas fa-arrow-right\"><\/i>\n                                    <\/a>\n                                                            <\/div>\n                        <\/div>\n                    <\/div>\n                                                        <div class=\"col-md-6 col-lg-3 mid\">\n                        <div class=\"feature-item wow fadeInUp\" data-wow-delay=\"0.50s\">\n                            <div class=\"feature-icon\">\n                                <!-- <img decoding=\"async\" src=\"assets\/img\/icon\/nurse.svg\" alt=\"\"> -->\n                            <\/div>\n                            <div class=\"feature-content color_text\">\n                                 <!-- Output SVG as an image -->\n                                                                     <svg xmlns=\"http:\/\/www.w3.org\/2000\/svg\" width=\"24\" height=\"24\" viewBox=\"0 0 24 24\" fill=\"none\" stroke=\"currentColor\" stroke-width=\"2\" stroke-linecap=\"round\" stroke-linejoin=\"round\" class=\"icon icon-tabler icons-tabler-outline icon-tabler-heart-handshake\">\n                                <path stroke=\"none\" d=\"M0 0h24v24H0z\" fill=\"none\" \/>\n                                <path d=\"M19.5 12.572l-7.5 7.428l-7.5 -7.428a5 5 0 1 1 7.5 -6.566a5 5 0 1 1 7.5 6.572\" \/>\n                                <path d=\"M12 6l-3.293 3.293a1 1 0 0 0 0 1.414l.543 .543c.69 .69 1.81 .69 2.5 0l1 -1a3.182 3.182 0 0 1 4.5 0l2.25 2.25\" \/>\n                                <path d=\"M12.5 15.5l2 2\" \/>\n                                <path d=\"M15 13l2 2\" \/>\n                            <\/svg> \n                                                                <h4>Inscrire un proche ou un membre de la famille<\/h4>\n                                <p>\u00ab La solitude est la pire des pauvret\u00e9s \u00bb<br \/>\r\n<br \/>\r\n<br \/>\r\n<\/p>\n                                                                    <a href=\"https:\/\/apcadma.com\/register-a-relative\/\" class=\"theme-btn btn_adjust\" target=\"_self\">\n                                        Contact us                                        <i class=\"fas fa-arrow-right\"><\/i>\n                                    <\/a>\n                                                            <\/div>\n                        <\/div>\n                    <\/div>\n                                                        <div class=\"col-md-6 col-lg-3 mid\">\n                        <div class=\"feature-item wow fadeInUp\" data-wow-delay=\"0.75s\">\n                            <div class=\"feature-icon\">\n                                <!-- <img decoding=\"async\" src=\"assets\/img\/icon\/nurse.svg\" alt=\"\"> -->\n                            <\/div>\n                            <div class=\"feature-content color_text\">\n                                 <!-- Output SVG as an image -->\n                                                                      <svg xmlns=\"http:\/\/www.w3.org\/2000\/svg\" width=\"24\" height=\"24\" viewBox=\"0 0 24 24\" fill=\"none\" stroke=\"currentColor\" stroke-width=\"2\" stroke-linecap=\"round\" stroke-linejoin=\"round\" class=\"icon icon-tabler icons-tabler-outline icon-tabler-hand-stop\">\n                                <path stroke=\"none\" d=\"M0 0h24v24H0z\" fill=\"none\" \/>\n                                <path d=\"M8 13v-7.5a1.5 1.5 0 0 1 3 0v6.5\" \/>\n                                <path d=\"M11 5.5v-2a1.5 1.5 0 1 1 3 0v8.5\" \/>\n                                <path d=\"M14 5.5a1.5 1.5 0 0 1 3 0v6.5\" \/>\n                                <path d=\"M17 7.5a1.5 1.5 0 0 1 3 0v8.5a6 6 0 0 1 -6 6h-2h.208a6 6 0 0 1 -5.012 -2.7a69.74 69.74 0 0 1 -.196 -.3c-.312 -.479 -1.407 -2.388 -3.286 -5.728a1.5 1.5 0 0 1 .536 -2.022a1.867 1.867 0 0 1 2.28 .28l1.47 1.47\" \/>\n                            <\/svg> \n                                                                <h4>Aider une personne \u00e2g\u00e9e<\/h4>\n                                <p>\u00ab Nous ne pouvons pas tous faire de grandes choses, mais nous pouvons faire de petites choses avec beaucoup d\u2019amour. \u00bb<\/p>\n                                                                    <a href=\"https:\/\/apcadma.com\/helping-an-elderly-person\/\" class=\"theme-btn btn_adjust\" target=\"_self\">\n                                        Volunteer With Us                                        <i class=\"fas fa-arrow-right\"><\/i>\n                                    <\/a>\n                                                            <\/div>\n                        <\/div>\n                    <\/div>\n                                                        <div class=\"col-md-6 col-lg-3 mid\">\n                        <div class=\"feature-item wow fadeInUp\" data-wow-delay=\"1.00s\">\n                            <div class=\"feature-icon\">\n                                <!-- <img decoding=\"async\" src=\"assets\/img\/icon\/nurse.svg\" alt=\"\"> -->\n                            <\/div>\n                            <div class=\"feature-content color_text\">\n                                 <!-- Output SVG as an image -->\n                                                                      <svg xmlns=\"http:\/\/www.w3.org\/2000\/svg\" width=\"24\" height=\"24\" viewBox=\"0 0 24 24\" fill=\"none\" stroke=\"currentColor\" stroke-width=\"2\" stroke-linecap=\"round\" stroke-linejoin=\"round\" class=\"icon icon-tabler icons-tabler-outline icon-tabler-certificate\">\n                                <path stroke=\"none\" d=\"M0 0h24v24H0z\" fill=\"none\" \/>\n                                <path d=\"M15 15m-3 0a3 3 0 1 0 6 0a3 3 0 1 0 -6 0\" \/>\n                                <path d=\"M13 17.5v4.5l2 -1.5l2 1.5v-4.5\" \/>\n                                <path d=\"M10 19h-5a2 2 0 0 1 -2 -2v-10c0 -1.1 .9 -2 2 -2h14a2 2 0 0 1 2 2v10a2 2 0 0 1 -1 1.73\" \/>\n                                <path d=\"M6 9l12 0\" \/>\n                                <path d=\"M6 12l3 0\" \/>\n                                <path d=\"M6 15l2 0\" \/>\n                            <\/svg> \n                                                                <h4>Faire un don<\/h4>\n                                <p>\u00ab Les petits ruisseaux font les grandes rivi\u00e8res \u00bb<\/p>\n                                                                    <a href=\"https:\/\/apcadma.com\/donate-now\/\" class=\"theme-btn btn_adjust\" target=\"_self\">\n                                        Donate to us                                        <i class=\"fas fa-arrow-right\"><\/i>\n                                    <\/a>\n                                                            <\/div>\n                        <\/div>\n                    <\/div>\n                            <\/div>\n        <\/div>\n    <\/div>\n<\/div>\n\n\n <!-- about area -->\n <div class=\"about-area py-100 bg mid_sec\">\n     <div class=\"container\">\n         <div class=\"row align-items-center\">\n             <div class=\"col-lg-6\">\n                 <div class=\"about-left wow fadeInLeft\" data-wow-delay=\".25s\">\n                 <\/div>\n             <\/div>\n             <div class=\"col-lg-12\">\n                 <div class=\"about-right wow fadeInUp\" data-wow-delay=\".25s\">\n                     <div class=\"site-heading mb-3\">\n                                                <span class=\"site-title-tagline\"><i class=\"far fa-house-chimney-heart\"><\/i> \u00c0 propos de nous<\/span>\n                                              \n                     <\/div>\n                     <div class=\"about-content\">                            <div class=\"row g-3\">\n                                                                <div class=\"col-md-3\">\n                                    <div class=\"about-item left_sec\">\n                                        <div class=\"icon\">\n                                                                                            <img decoding=\"async\" src=\"https:\/\/apcadma.com\/wp-content\/uploads\/2025\/04\/man.svg\" alt=\"icon\">\n                                                                                    <\/div>\n                                        <div class=\"content\">\n                                                                                            <h6>Qui sommes-nous <\/h6>\n                                                                                                                                        <p>L\u2019Association de Partage et de Charit\u00e9 (APC) est une organisation maronite, non gouvernementale et fond\u00e9e sur la foi, \u00e9tablie en juin 2023. Elle est \u00e9galement une association civile \u00e0 but non lucratif enregistr\u00e9e, dont le si\u00e8ge est situ\u00e9 \u00e0 Adma, au Liban.<\/p>\n                                                                                                                                        <a href=\"https:\/\/apcadma.com\/about-us\/who-we-are\/\" class=\"red_mo_btn\" target=\"_self\">\n                                                    Read More                                                <\/a>\n                                                                                    <\/div>\n                                    <\/div>\n                                <\/div>\n                                                                <div class=\"col-md-3\">\n                                    <div class=\"about-item left_sec\">\n                                        <div class=\"icon\">\n                                                                                            <img decoding=\"async\" src=\"https:\/\/apcadma.com\/wp-content\/uploads\/2025\/04\/team.svg\" alt=\"icon\">\n                                                                                    <\/div>\n                                        <div class=\"content\">\n                                                                                            <h6>Notre mission<\/h6>\n                                                                                                                                        <p>La mission de l\u2019APC consiste \u00e0 construire une soci\u00e9t\u00e9 plus inclusive et compatissante, o\u00f9 chaque individu, ind\u00e9pendamment de sa race, de son genre, de sa religion ou de sa nationalit\u00e9, b\u00e9n\u00e9ficie d\u2019une meilleure qualit\u00e9 de vie gr\u00e2ce \u00e0<\/p>\n                                                                                                                                        <a href=\"https:\/\/apcadma.com\/about-us\/our-mission\/\" class=\"red_mo_btn\" target=\"_self\">\n                                                    Read More                                                <\/a>\n                                                                                    <\/div>\n                                    <\/div>\n                                <\/div>\n                                                                <div class=\"col-md-3\">\n                                    <div class=\"about-item left_sec\">\n                                        <div class=\"icon\">\n                                                                                            <img decoding=\"async\" src=\"https:\/\/apcadma.com\/wp-content\/uploads\/2025\/04\/support-2.svg\" alt=\"icon\">\n                                                                                    <\/div>\n                                        <div class=\"content\">\n                                                                                            <h6>Notre vision<\/h6>\n                                                                                                                                        <p>L\u2019APC envisage une soci\u00e9t\u00e9 o\u00f9 chaque individu est valoris\u00e9, soutenu et habilit\u00e9 \u00e0 mener une vie digne \u2014 ind\u00e9pendamment de son origine ou de sa situation.<\/p>\n                                                                                                                                        <a href=\"https:\/\/apcadma.com\/about-us\/our-vision\/\" class=\"red_mo_btn\" target=\"_self\">\n                                                    Read More                                                <\/a>\n                                                                                    <\/div>\n                                    <\/div>\n                                <\/div>\n                                                                <div class=\"col-md-3\">\n                                    <div class=\"about-item left_sec\">\n                                        <div class=\"icon\">\n                                                                                            <img decoding=\"async\" src=\"https:\/\/apcadma.com\/wp-content\/uploads\/2025\/04\/man.svg\" alt=\"icon\">\n                                                                                    <\/div>\n                                        <div class=\"content\">\n                                                                                            <h6>Valeurs<\/h6>\n                                                                                                                                        <p>Guid\u00e9e par le mandat du \u00ab Bon Samaritain \u00bb, notre mission repose sur des valeurs fondamentales qui orientent toutes nos actions.<\/p>\n                                                                                                                                        <a href=\"https:\/\/apcadma.com\/about-us\/spirituality\/\" class=\"red_mo_btn\" target=\"_self\">\n                                                    Read More                                                <\/a>\n                                                                                    <\/div>\n                                    <\/div>\n                                <\/div>\n                                                            <\/div>\n                        \n                     <\/div>\n                 <\/div>\n             <\/div>\n         <\/div>\n     <\/div>\n <\/div>\n <!-- about area end -->\n\n<div class=\"portfolio-area bg py-120 branch_main_1\">\n    <div class=\"container\">\n        <div class=\"row\">\n            <div class=\"col-lg-12 mx-auto\">\n                <div class=\"site-heading text-center\">\n                                            <span class=\"site-title-tagline\"><i class=\"far fa-house-chimney-heart\"><\/i> Nos institutions<\/span>\n                                                                <h2 class=\"site-title site_title_new\">\n                            Adma                        <\/h2>\n                                        <div class=\"clear\"><\/div>\n                <\/div>\n            <\/div>\n            <div class=\"\">\n                <div class=\"portfolio-item big_portfoli\">\n                    <div class=\"portfolio-img\">\n                                                    <img decoding=\"async\" src=\"https:\/\/apcadma.com\/wp-content\/uploads\/2025\/05\/WhatsApp-Image-2025-05-06-at-3.02.41-PM-1.jpeg\" class=\"attachment-full size-full\" alt=\"\" srcset=\"https:\/\/apcadma.com\/wp-content\/uploads\/2025\/05\/WhatsApp-Image-2025-05-06-at-3.02.41-PM-1.jpeg 1080w, https:\/\/apcadma.com\/wp-content\/uploads\/2025\/05\/WhatsApp-Image-2025-05-06-at-3.02.41-PM-1-300x171.jpeg 300w, https:\/\/apcadma.com\/wp-content\/uploads\/2025\/05\/WhatsApp-Image-2025-05-06-at-3.02.41-PM-1-1024x583.jpeg 1024w, https:\/\/apcadma.com\/wp-content\/uploads\/2025\/05\/WhatsApp-Image-2025-05-06-at-3.02.41-PM-1-768x437.jpeg 768w\" sizes=\"(max-width: 1080px) 100vw, 1080px\" \/>                                                                            <a class=\"popup-img portfolio-link\" href=\"https:\/\/apcadma.com\/institution\/adma\/\"><i\n                                class=\"far fa-plus\"><\/i><\/a>\n                                                \n                    <\/div>\n                    <div class=\"portfolio-content\">\n                        <div class=\"portfolio-info\">\n                                                            <p class=\"portfolio-subtitle\">Nos institutions<\/p>\n                                                                                        <h4 class=\"portfolio-title\">\n                                    <a href=\"https:\/\/apcadma.com\/institution\/adma\/\">Maison de retraite Saint Joachim et Sainte Anne<\/a>\n                                <\/h4>\n                                                    <\/div>\n                                                    <a href=\"https:\/\/apcadma.com\/\/wp-content\/uploads\/2025\/05\/WhatsApp-Image-2025-05-06-at-3.02.41-PM-1.jpeg\" class=\"portfolio-arrow\"><i class=\"fas fa-arrow-right\"><\/i><\/a>\n                                                \n                        <div class=\"clear\"><\/div>\n                                                    <div class=\"sub_text_as\">\n                                Nich\u00e9e dans les collines verdoyantes d\u2019Adma, \u00e0 seulement 10 minutes de l\u2019autoroute, la maison de retraite Saint Joachim et Sainte Anne offre \u00e0 nos a\u00een\u00e9s un cadre de vie paisible et ressour\u00e7ant. Entour\u00e9e de majestueux ch\u00eanes et berc\u00e9e par le chant m\u00e9lodieux des oiseaux, cette r\u00e9sidence est un v\u00e9ritable havre de s\u00e9r\u00e9nit\u00e9, o\u00f9 l\u2019air pur de la montagne se m\u00eale \u00e0 la douce brise marine pour cr\u00e9er un climat exceptionnellement agr\u00e9able.                            <\/div>\n                                                <div class=\"clear\"><\/div>\n                                                    <a href=\"https:\/\/apcadma.com\/institution\/adma\/\" class=\"theme-btn btn_adjust read_brnch\" target=\"_self\">\n                                Read More<i class=\"fas fa-arrow-right\"><\/i>\n                            <\/a>\n                                            <\/div>\n                <\/div>\n            <\/div>\n        <\/div>\n    <\/div>\n<\/div>\n\n    <div class=\"portfolio-area bg py-120\">\n        <div class=\"container\">\n            <div class=\"row popup-gallery\">\n                <div class=\"portfolio_listing portfolio_listing_3\">\n                                            <div class=\"portfolio-item\">\n                            <div class=\"portfolio-img\">\n                                                                    <img decoding=\"async\" src=\"https:\/\/apcadma.com\/wp-content\/uploads\/2025\/04\/branches_3-1024x636.jpg\" class=\"attachment-large size-large\" alt=\"Taalbaya\" srcset=\"https:\/\/apcadma.com\/wp-content\/uploads\/2025\/04\/branches_3-1024x636.jpg 1024w, https:\/\/apcadma.com\/wp-content\/uploads\/2025\/04\/branches_3-300x186.jpg 300w, https:\/\/apcadma.com\/wp-content\/uploads\/2025\/04\/branches_3-768x477.jpg 768w, https:\/\/apcadma.com\/wp-content\/uploads\/2025\/04\/branches_3.jpg 1046w\" sizes=\"(max-width: 640px) 100vw, 640px\" \/>                                                                <a class=\"popup-img portfolio-link\" href=\"https:\/\/apcadma.com\/fr\/institution\/taalbaya\/\">\n                                    <i class=\"far fa-plus\"><\/i>\n                                <\/a>\n                            <\/div>\n                            <div class=\"portfolio-content\">\n                                <div class=\"portfolio-info\">\n                                    <p class=\"portfolio-subtitle\">\/\/ Our Institution<\/p>\n                                    <h4 class=\"portfolio-title\">\n                                        <a href=\"https:\/\/apcadma.com\/fr\/institution\/taalbaya\/\">\n                                            Taalbaya                                        <\/a>\n                                    <\/h4>\n                                <\/div>\n                                <a href=\"https:\/\/apcadma.com\/fr\/institution\/taalbaya\/\" class=\"portfolio-arrow\">\n                                    <i class=\"fas fa-arrow-right\"><\/i>\n                                <\/a>\n                                <div class=\"clear\"><\/div>\n                                <div class=\"sub_text_as\">\n                                    Nich\u00e9e au c\u0153ur de la magnifique de Taalabaya,                                <\/div>\n                                <div class=\"clear\"><\/div>\n                                <a href=\"https:\/\/apcadma.com\/fr\/institution\/taalbaya\/\" class=\"theme-btn btn_adjust read_brnch\">\n                                    Read More<i class=\"fas fa-arrow-right\"><\/i>\n                                <\/a>\n                            <\/div>\n                        <\/div>\n                                            <div class=\"portfolio-item\">\n                            <div class=\"portfolio-img\">\n                                                                    <img decoding=\"async\" src=\"https:\/\/apcadma.com\/wp-content\/uploads\/2025\/04\/branches_2-1024x636.jpg\" class=\"attachment-large size-large\" alt=\"Antelias\" srcset=\"https:\/\/apcadma.com\/wp-content\/uploads\/2025\/04\/branches_2-1024x636.jpg 1024w, https:\/\/apcadma.com\/wp-content\/uploads\/2025\/04\/branches_2-300x186.jpg 300w, https:\/\/apcadma.com\/wp-content\/uploads\/2025\/04\/branches_2-768x477.jpg 768w, https:\/\/apcadma.com\/wp-content\/uploads\/2025\/04\/branches_2.jpg 1046w\" sizes=\"(max-width: 640px) 100vw, 640px\" \/>                                                                <a class=\"popup-img portfolio-link\" href=\"https:\/\/apcadma.com\/fr\/institution\/antelias\/\">\n                                    <i class=\"far fa-plus\"><\/i>\n                                <\/a>\n                            <\/div>\n                            <div class=\"portfolio-content\">\n                                <div class=\"portfolio-info\">\n                                    <p class=\"portfolio-subtitle\">\/\/ Our Institution<\/p>\n                                    <h4 class=\"portfolio-title\">\n                                        <a href=\"https:\/\/apcadma.com\/fr\/institution\/antelias\/\">\n                                            Antelias                                        <\/a>\n                                    <\/h4>\n                                <\/div>\n                                <a href=\"https:\/\/apcadma.com\/fr\/institution\/antelias\/\" class=\"portfolio-arrow\">\n                                    <i class=\"fas fa-arrow-right\"><\/i>\n                                <\/a>\n                                <div class=\"clear\"><\/div>\n                                <div class=\"sub_text_as\">\n                                    Au c\u0153ur de la ville anim\u00e9e d\u2019Antelias, ce centre se..                                <\/div>\n                                <div class=\"clear\"><\/div>\n                                <a href=\"https:\/\/apcadma.com\/fr\/institution\/antelias\/\" class=\"theme-btn btn_adjust read_brnch\">\n                                    Read More<i class=\"fas fa-arrow-right\"><\/i>\n                                <\/a>\n                            <\/div>\n                        <\/div>\n                                            <div class=\"portfolio-item\">\n                            <div class=\"portfolio-img\">\n                                                                    <img decoding=\"async\" src=\"https:\/\/apcadma.com\/wp-content\/uploads\/2025\/04\/branches_1-1024x636.jpg\" class=\"attachment-large size-large\" alt=\"Baskinta\" srcset=\"https:\/\/apcadma.com\/wp-content\/uploads\/2025\/04\/branches_1-1024x636.jpg 1024w, https:\/\/apcadma.com\/wp-content\/uploads\/2025\/04\/branches_1-300x186.jpg 300w, https:\/\/apcadma.com\/wp-content\/uploads\/2025\/04\/branches_1-768x477.jpg 768w, https:\/\/apcadma.com\/wp-content\/uploads\/2025\/04\/branches_1.jpg 1046w\" sizes=\"(max-width: 640px) 100vw, 640px\" \/>                                                                <a class=\"popup-img portfolio-link\" href=\"https:\/\/apcadma.com\/fr\/institution\/baskinta\/\">\n                                    <i class=\"far fa-plus\"><\/i>\n                                <\/a>\n                            <\/div>\n                            <div class=\"portfolio-content\">\n                                <div class=\"portfolio-info\">\n                                    <p class=\"portfolio-subtitle\">\/\/ Our Institution<\/p>\n                                    <h4 class=\"portfolio-title\">\n                                        <a href=\"https:\/\/apcadma.com\/fr\/institution\/baskinta\/\">\n                                            Baskinta                                        <\/a>\n                                    <\/h4>\n                                <\/div>\n                                <a href=\"https:\/\/apcadma.com\/fr\/institution\/baskinta\/\" class=\"portfolio-arrow\">\n                                    <i class=\"fas fa-arrow-right\"><\/i>\n                                <\/a>\n                                <div class=\"clear\"><\/div>\n                                <div class=\"sub_text_as\">\n                                    Nich\u00e9e au c\u0153ur de la magnifique montagne de Baskinta,                                <\/div>\n                                <div class=\"clear\"><\/div>\n                                <a href=\"https:\/\/apcadma.com\/fr\/institution\/baskinta\/\" class=\"theme-btn btn_adjust read_brnch\">\n                                    Read More<i class=\"fas fa-arrow-right\"><\/i>\n                                <\/a>\n                            <\/div>\n                        <\/div>\n                                    <\/div>\n            <\/div>\n        <\/div>\n    <\/div>\n\n\n<!-- service area -->\n<div class=\"service-area2 py-100 bg\">\n    <div class=\"container\">\n        <div class=\"row\">\n            <div class=\"col-lg-8 mx-auto\">\n                <div class=\"site-heading text-center\">\n                                            <span class=\"site-title-tagline\"><i class=\"far fa-house-chimney-heart\"><\/i>\n                            Histoire et services                        <\/span>\n                                                                <h2 class=\"site-title\">Maison de retraite <span>Saints Joachim et Anne<\/span><\/h2>\n                                    <\/div>\n            <\/div>\n                            <p class=\"about-text cntr_p_show\">\n                    <p class=\"has-text-align-left\">Nich\u00e9e sur les hauteurs verdoyantes d\u2019Adma, \u00e0 seulement 10 minutes de l\u2019autoroute, la maison de retraite des Saints Joachim et Anne offre \u00e0 nos r\u00e9sidents \u00e2g\u00e9s un environnement paisible et ressour\u00e7ant. Entour\u00e9e de majestueux ch\u00eanes et berc\u00e9e par le chant m\u00e9lodieux des oiseaux, cette r\u00e9sidence est un v\u00e9ritable havre de s\u00e9r\u00e9nit\u00e9 o\u00f9 l\u2019air pur de la montagne se m\u00eale \u00e0 une douce brise marine, cr\u00e9ant un climat exceptionnellement agr\u00e9able.<\/p><br \/>\r\n<br \/>\r\n<p class=\"has-text-align-left\">Surplombant la magnifique baie de Jounieh, la maison de retraite b\u00e9n\u00e9ficie d\u2019un panorama \u00e0 couper le souffle, propice \u00e0 la contemplation et \u00e0 la tranquillit\u00e9.<\/p><br \/>\r\n<br \/>\r\n<p class=\"has-text-align-left\">Sous la pr\u00e9sence bienveillante de la chapelle Sainte-Sophie et de l\u2019\u00e9glise Saint-Joseph, les r\u00e9sidents profitent d\u2019une atmosph\u00e8re empreinte de spiritualit\u00e9 et de r\u00e9confort.<\/p><br \/>\r\n<br \/>\r\n<p class=\"has-text-align-left\">Id\u00e9alement situ\u00e9e, la maison est proche de plusieurs lieux de culte, ermitages et sites touristiques, permettant aux r\u00e9sidents de maintenir un lien vivant avec leur foi et leur patrimoine. De plus, sa proximit\u00e9 avec des h\u00f4pitaux, des laboratoires et des centres commerciaux garantit un acc\u00e8s rapide aux services essentiels, assurant \u00e0 la fois confort et s\u00e9curit\u00e9.<\/p><br \/>\r\n<br \/>\r\n<p class=\"has-text-align-left\">\u00c0 la maison de retraite des Saints Joachim et Anne, chaque r\u00e9sident est accueilli avec respect et bienveillance dans un cadre o\u00f9 la nature, la spiritualit\u00e9 et le bien-\u00eatre se conjuguent pour offrir un lieu de vie paisible et enrichissant.<\/p>                <\/p>\n                    <\/div>\n        <div class=\"clear\"><\/div>\n        <br><br><br>\n        <div class=\"site-heading text-center\" bis_skin_checked=\"1\">\n                            <div class=\"site-heading text-center\">\n                    <h2 class=\"site-title\">Administration<\/h2>\n                <\/div>\n                    <\/div>\n                    <div class=\"row g-4 servc_text_a\">\n                                    <div class=\"col-md-6 col-lg-4\">\n                        <div class=\"service-item wow fadeInUp\" data-wow-delay=\".25s\">\n                            <div class=\"service-img\">\n                                                                    <img decoding=\"async\" src=\"https:\/\/apcadma.com\/wp-content\/uploads\/2025\/04\/admin_1.jpg\" alt=\"\">\n                                                            <\/div>\n                            <div class=\"service-info\">\n                                <div class=\"service-content\">\n                                    <p class=\"service-text\">\n                                        La maison de retraite des Saints Joachim et Anne a confi\u00e9 sa gestion \u00e0 M. Joseph Chkair, dont le d\u00e9vouement et l\u2019expertise assurent le bien-\u00eatre de nos r\u00e9sidents. Avec soin et professionnalisme, il supervise et accompagne tous les aspects de la vie au sein de l\u2019\u00e9tablissement.                                    <\/p>\n                                <\/div>\n                            <\/div>\n                        <\/div>\n                    <\/div>\n                                    <div class=\"col-md-6 col-lg-4\">\n                        <div class=\"service-item wow fadeInUp\" data-wow-delay=\".30s\">\n                            <div class=\"service-img\">\n                                                                    <img decoding=\"async\" src=\"https:\/\/apcadma.com\/wp-content\/uploads\/2025\/04\/admin_2.jpg\" alt=\"\">\n                                                            <\/div>\n                            <div class=\"service-info\">\n                                <div class=\"service-content\">\n                                    <p class=\"service-text\">\n                                        La sant\u00e9 de nos r\u00e9sidents est une priorit\u00e9 absolue. Notre \u00e9tablissement dispose de sa propre pharmacie, supervis\u00e9e par notre pharmacien, qui veille \u00e0 la gestion s\u00fbre et pr\u00e9cise de tous les traitements.                                    <\/p>\n                                <\/div>\n                            <\/div>\n                        <\/div>\n                    <\/div>\n                                    <div class=\"col-md-6 col-lg-4\">\n                        <div class=\"service-item wow fadeInUp\" data-wow-delay=\".35s\">\n                            <div class=\"service-img\">\n                                                                    <img decoding=\"async\" src=\"https:\/\/apcadma.com\/wp-content\/uploads\/2025\/04\/admin_3.jpg\" alt=\"\">\n                                                            <\/div>\n                            <div class=\"service-info\">\n                                <div class=\"service-content\">\n                                    <p class=\"service-text\">\n                                        De plus, notre g\u00e9riatre assure des consultations hebdomadaires et reste disponible en cas d\u2019urgence m\u00e9dicale.                                    <\/p>\n                                <\/div>\n                            <\/div>\n                        <\/div>\n                    <\/div>\n                                    <div class=\"col-md-6 col-lg-4\">\n                        <div class=\"service-item wow fadeInUp\" data-wow-delay=\".40s\">\n                            <div class=\"service-img\">\n                                                                    <img decoding=\"async\" src=\"https:\/\/apcadma.com\/wp-content\/uploads\/2025\/04\/04.jpg\" alt=\"\">\n                                                            <\/div>\n                            <div class=\"service-info\">\n                                <div class=\"service-content\">\n                                    <p class=\"service-text\">\n                                        Un kin\u00e9sith\u00e9rapeute est \u00e9galement disponible sur place, proposant des s\u00e9ances r\u00e9guli\u00e8res afin de maintenir la mobilit\u00e9 de tous les r\u00e9sidents. Des s\u00e9ances suppl\u00e9mentaires peuvent \u00eatre organis\u00e9es sur demande.                                    <\/p>\n                                <\/div>\n                            <\/div>\n                        <\/div>\n                    <\/div>\n                                    <div class=\"col-md-6 col-lg-4\">\n                        <div class=\"service-item wow fadeInUp\" data-wow-delay=\".45s\">\n                            <div class=\"service-img\">\n                                                                    <img decoding=\"async\" src=\"https:\/\/apcadma.com\/wp-content\/uploads\/2025\/04\/01.jpg\" alt=\"\">\n                                                            <\/div>\n                            <div class=\"service-info\">\n                                <div class=\"service-content\">\n                                    <p class=\"service-text\">\n                                        Notre \u00e9tablissement b\u00e9n\u00e9ficie d\u2019un personnel qualifi\u00e9 et exp\u00e9riment\u00e9, comprenant des infirmiers dipl\u00f4m\u00e9s et des aides-soignants qui travaillent en \u00e9troite collaboration afin d\u2019offrir des soins m\u00e9dicaux de haute qualit\u00e9.                                    <\/p>\n                                <\/div>\n                            <\/div>\n                        <\/div>\n                    <\/div>\n                                    <div class=\"col-md-6 col-lg-4\">\n                        <div class=\"service-item wow fadeInUp\" data-wow-delay=\".50s\">\n                            <div class=\"service-img\">\n                                                                    <img decoding=\"async\" src=\"https:\/\/apcadma.com\/wp-content\/uploads\/2025\/04\/01.jpg\" alt=\"\">\n                                                            <\/div>\n                            <div class=\"service-info\">\n                                <div class=\"service-content\">\n                                    <p class=\"service-text\">\n                                        En compl\u00e9ment, l\u2019ensemble de notre \u00e9quipe \u2014 incluant le personnel de cuisine, de buanderie, d\u2019accueil et des admissions \u2014 veille \u00e0 ce que chaque r\u00e9sident b\u00e9n\u00e9ficie d\u2019un service attentif et adapt\u00e9 \u00e0 ses besoins.                                    <\/p>\n                                <\/div>\n                            <\/div>\n                        <\/div>\n                    <\/div>\n                                    <div class=\"col-md-6 col-lg-4\">\n                        <div class=\"service-item wow fadeInUp\" data-wow-delay=\".55s\">\n                            <div class=\"service-img\">\n                                                                    <img decoding=\"async\" src=\"https:\/\/apcadma.com\/wp-content\/uploads\/2025\/04\/02.jpg\" alt=\"\">\n                                                            <\/div>\n                            <div class=\"service-info\">\n                                <div class=\"service-content\">\n                                    <p class=\"service-text\">\n                                        Une \u00e9quipe qualifi\u00e9e prend \u00e9galement en charge les aspects administratifs et financiers, assurant le bon fonctionnement et l\u2019efficacit\u00e9 de l\u2019\u00e9tablissement.                                    <\/p>\n                                <\/div>\n                            <\/div>\n                        <\/div>\n                    <\/div>\n                                    <div class=\"col-md-6 col-lg-4\">\n                        <div class=\"service-item wow fadeInUp\" data-wow-delay=\".60s\">\n                            <div class=\"service-img\">\n                                                                    <img decoding=\"async\" src=\"https:\/\/apcadma.com\/wp-content\/uploads\/2025\/04\/03.jpg\" alt=\"\">\n                                                            <\/div>\n                            <div class=\"service-info\">\n                                <div class=\"service-content\">\n                                    <p class=\"service-text\">\n                                        <span style=\"font-weight: 800; font-size: 20px;\">Le Comit\u00e9 des b\u00e9n\u00e9voles<\/span>  <br \/>\r\ncompos\u00e9 de membres annuels de la maison de retraite des Saints Joachim et Anne, tient des r\u00e9unions mensuelles avec la direction afin d\u2019assurer une gouvernance optimale.  <br \/>\r\nLe comit\u00e9 joue un r\u00f4le essentiel dans la vie de l\u2019\u00e9tablissement et contribue activement au dynamisme de notre communaut\u00e9, enrichissant l\u2019exp\u00e9rience des r\u00e9sidents par son engagement et sa g\u00e9n\u00e9rosit\u00e9.                                    <\/p>\n                                <\/div>\n                            <\/div>\n                        <\/div>\n                    <\/div>\n                            <\/div>\n            <\/div>\n<\/div>\n<!-- service area end -->\n\n<div class=\"event-area pb-100 pt-0  evnt_activtty \">\n    <div class=\"container\">\n        <div class=\"row\">\n            <div class=\"col-lg-7 mx-auto\">\n                <div class=\"site-heading text-center\">\n                                            <span class=\"site-title-tagline\">\n                            <i class=\"far fa-house-chimney-heart\"><\/i> \n                            \u00c9v\u00e9nements                        <\/span>\n                                                                <h2 class=\"site-title site_title_2\">\n                            \u00c0 la maison de retraite des Saints Joachim et Anne, la vie quotidienne est enrichie par des activit\u00e9s qui nourrissent \u00e0 la fois le c\u0153ur et l\u2019esprit :                        <\/h2>\n                                    <\/div>\n            <\/div>\n        <\/div>\n        \n                    <div class=\"row\">\n                <div class=\"col-md-12\">\n                                            <div class=\"wrp_acti_signl\">\n                                                            <div class=\"wrp_acti_signl_til\">Ateliers<\/div>\n                            \n                                                            <img decoding=\"async\" src=\"https:\/\/apcadma.com\/wp-content\/uploads\/2025\/04\/dail_1.jpg\" class=\"wrp_acti_signl_img\" alt=\"\" srcset=\"https:\/\/apcadma.com\/wp-content\/uploads\/2025\/04\/dail_1.jpg 600w, https:\/\/apcadma.com\/wp-content\/uploads\/2025\/04\/dail_1-300x200.jpg 300w\" sizes=\"(max-width: 600px) 100vw, 600px\" \/>                            \n                                                            <div class=\"wrp_acti_signl_text\">Ateliers de cuisine et de d\u00e9gustation : pour \u00e9veiller les sens et savourer les saveurs.<br \/>\r\n\u2022 Ateliers de reconnaissance des senteurs : pour identifier les \u00e9pices, les fleurs et les huiles essentielles.<br \/>\r\n\u2022 Jeux de m\u00e9moire, quiz et puzzles : pour stimuler la m\u00e9moire et la motricit\u00e9.<br \/>\r\n\u2022 Musique et chant : pour \u00e9couter des m\u00e9lodies, chanter ensemble ou reconna\u00eetre des chansons d\u2019autrefois.<br \/>\r\n\u2022 Ateliers d\u2019arts et d\u2019artisanat : pour exprimer la cr\u00e9ativit\u00e9.<br \/>\r\n\u2022 Jardinage th\u00e9rapeutique : pour toucher la terre et profiter du parfum des plantes.<\/div>\n                                                    <\/div>\n                                                <div class=\"wrp_acti_signl\">\n                                                            <div class=\"wrp_acti_signl_til\">Activit\u00e9 physique et bien-\u00eatre :<\/div>\n                            \n                                                            <img decoding=\"async\" src=\"https:\/\/apcadma.com\/wp-content\/uploads\/2025\/04\/dail_2.jpg\" class=\"wrp_acti_signl_img\" alt=\"\" srcset=\"https:\/\/apcadma.com\/wp-content\/uploads\/2025\/04\/dail_2.jpg 600w, https:\/\/apcadma.com\/wp-content\/uploads\/2025\/04\/dail_2-300x200.jpg 300w\" sizes=\"(max-width: 600px) 100vw, 600px\" \/>                            \n                                                            <div class=\"wrp_acti_signl_text\">\u2022 Gymnastique adapt\u00e9e : des mouvements simples pour maintenir la mobilit\u00e9.<br \/>\r\n\u2022 Danse assise : bouger au rythme de la musique, m\u00eame en position assise.<\/div>\n                                                    <\/div>\n                                                    <div class=\"clear\"><\/div>\n                                                <div class=\"wrp_acti_signl\">\n                                                            <div class=\"wrp_acti_signl_til\">Activit\u00e9s sociales et culturelles :<\/div>\n                            \n                                                            <img decoding=\"async\" src=\"https:\/\/apcadma.com\/wp-content\/uploads\/2025\/04\/dail_3.jpg\" class=\"wrp_acti_signl_img\" alt=\"\" srcset=\"https:\/\/apcadma.com\/wp-content\/uploads\/2025\/04\/dail_3.jpg 600w, https:\/\/apcadma.com\/wp-content\/uploads\/2025\/04\/dail_3-300x200.jpg 300w\" sizes=\"(max-width: 600px) 100vw, 600px\" \/>                            \n                                                            <div class=\"wrp_acti_signl_text\">Lecture et contes : des histoires pour s\u2019\u00e9vader et partager des souvenirs.<br \/>\r\n\u2022 Cin\u00e9-club : regarder des films et en discuter.<br \/>\r\n\u2022 Ateliers de th\u00e9\u00e2tre : pour lib\u00e9rer les \u00e9motions et renforcer la confiance en soi. Les s\u00e9ances de dramath\u00e9rapie aident les r\u00e9sidents \u00e0 s\u2019exprimer, partager leurs exp\u00e9riences de vie et revivre des souvenirs pr\u00e9cieux.<br \/>\r\n\u2022 Rencontres interg\u00e9n\u00e9rationnelles : avec nos jeunes b\u00e9n\u00e9voles.<br \/>\r\n\u2022 Excursions et visites : sorties vers des sites naturels ou des lieux religieux et touristiques.<\/div>\n                                                    <\/div>\n                                                <div class=\"wrp_acti_signl\">\n                                                            <div class=\"wrp_acti_signl_til\">\u00c9v\u00e9nements festifs<\/div>\n                            \n                                                            <img decoding=\"async\" src=\"https:\/\/apcadma.com\/wp-content\/uploads\/2025\/04\/dail_4.jpg\" class=\"wrp_acti_signl_img\" alt=\"\" srcset=\"https:\/\/apcadma.com\/wp-content\/uploads\/2025\/04\/dail_4.jpg 600w, https:\/\/apcadma.com\/wp-content\/uploads\/2025\/04\/dail_4-300x200.jpg 300w\" sizes=\"(max-width: 600px) 100vw, 600px\" \/>                            \n                                                            <div class=\"wrp_acti_signl_text\">F\u00eates \u00e0 th\u00e8me, par exemple un r\u00e9cital de No\u00ebl.<br \/>\r\n\u2022 March\u00e9s ou foires internes : petits march\u00e9s proposant des articles r\u00e9alis\u00e9s par nos r\u00e9sidents.<\/div>\n                                                    <\/div>\n                                                    <div class=\"clear\"><\/div>\n                        \n                                            <div class=\"conls_li\">\n                            <p class=\"has-text-align-left\">Toutes ces activit\u00e9s, et bien d\u2019autres encore, contribuent \u00e0 stimuler les sens, \u00e0 maintenir les liens sociaux et \u00e0 apporter joie et convivialit\u00e9 au quotidien \u2014 toujours adapt\u00e9es aux int\u00e9r\u00eats et aux capacit\u00e9s de nos r\u00e9sidents.<\/p><br \/>\r\n<br \/>\r\n<p class=\"has-text-align-left\">Parce que chaque jour est une nouvelle occasion de partager, de c\u00e9l\u00e9brer, de cr\u00e9er des liens, de s\u2019amuser et tout simplement de profiter de la vie.<\/p><br \/>\r\n<br \/>\r\n<p class=\"has-text-align-left\">La vie sociale de nos r\u00e9sidents est \u00e9galement une priorit\u00e9 pour nous. C\u2019est pourquoi nous veillons \u00e0 assurer un r\u00e9seau social solidaire, en particulier pour ceux qui n\u2019en disposent pas.<br>Nous encourageons les interactions r\u00e9guli\u00e8res entre r\u00e9sidents en organisant des activit\u00e9s stimulantes anim\u00e9es par un animateur.<br>Nous entretenons et renfor\u00e7ons \u00e9galement les liens avec les familles, les voisins et les amis \u00e0 travers des appels t\u00e9l\u00e9phoniques, des visites et des sorties.<br>Par ailleurs, nous favorisons les \u00e9changes avec le quartier et la communaut\u00e9 au sens large en organisant des visites locales, en encourageant la participation \u00e0 des \u00e9v\u00e9nements communautaires, en impliquant des b\u00e9n\u00e9voles et en d\u00e9veloppant les interactions avec les groupes et organisations \u00e0 proximit\u00e9.<\/p>                        <\/div>\n                                       \n                <\/div>\n            <\/div>\n        \n    <\/div>\n<\/div>\n<div class=\"clear\"><\/div>\n\n<!-- event-area -->\n<div class=\"event-area pb-100 pt-0 bg\" style=\"padding-top: 40px !important;\">\n    <div class=\"container\">\n        <div class=\"row\">\n            <div class=\"col-lg-7 mx-auto\">\n                <div class=\"site-heading text-center\">\n                    <span class=\"site-title-tagline\"><i class=\"far fa-house-chimney-heart\"><\/i> Upcoming Events<\/span>\n                    <h2 class=\"site-title\"><span>Join Our Upcoming Events <\/span> On Our Calendar<\/h2>\n                <\/div>\n            <\/div>\n        <\/div>\n        <div class=\"row\">\n            <div class=\"col-md-12\">\n                <div class=\"event_calndr\">\n                    <div class=\"calendar-container\">\n                        <div class=\"month-selector\">\n                            <button onclick=\"prevMonth()\">&#9665; Prev<\/button>\n                            <h3 id=\"month-name\"><\/h3>\n                            <button onclick=\"nextMonth()\">Next &#9655;<\/button>\n                        <\/div>\n                        <table class=\"calendar\">\n                            <thead>\n                                <tr>\n                                    <th>Sun<\/th>\n                                    <th>Mon<\/th>\n                                    <th>Tue<\/th>\n                                    <th>Wed<\/th>\n                                    <th>Thu<\/th>\n                                    <th>Fri<\/th>\n                                    <th>Sat<\/th>\n                                <\/tr>\n                            <\/thead>\n                            <tbody id=\"calendar-body\"><\/tbody>\n                        <\/table>\n                    <\/div>\n                <\/div>\n                <div class=\"clear\"><\/div>\n            <\/div>\n        <\/div>\n    <\/div>\n<\/div>\n<!-- event-area end -->\n\n   <!-- testimonial-area end -->\n   <div class=\" py-100 mid_sec poem_wrap\" style=\"margin-top: 0px; padding-top: 50px; padding-bottom: 50px; \">\n       <div class=\"container\">\n           <div class=\"row align-items-center\">\n               <div class=\"col-lg-6\">\n                   <div class=\"about-left wow fadeInLeft\" data-wow-delay=\".25s\">\n                   <\/div>\n               <\/div>\n               <div class=\"col-lg-12\">\n                   <div class=\"poem-slider owl-carousel owl-theme wow fadeInUp\" data-wow-delay=\".25s\">\n                                                                                    <div class=\"testimonial-item\">\n                                    <img decoding=\"async\" src=\"https:\/\/apcadma.com\/wp-content\/uploads\/2025\/04\/poem_new.jpg\" class=\"attachment-full size-full\" alt=\"\" srcset=\"https:\/\/apcadma.com\/wp-content\/uploads\/2025\/04\/poem_new.jpg 2200w, https:\/\/apcadma.com\/wp-content\/uploads\/2025\/04\/poem_new-300x218.jpg 300w, https:\/\/apcadma.com\/wp-content\/uploads\/2025\/04\/poem_new-1024x745.jpg 1024w, https:\/\/apcadma.com\/wp-content\/uploads\/2025\/04\/poem_new-768x559.jpg 768w, https:\/\/apcadma.com\/wp-content\/uploads\/2025\/04\/poem_new-1536x1117.jpg 1536w, https:\/\/apcadma.com\/wp-content\/uploads\/2025\/04\/poem_new-2048x1489.jpg 2048w\" sizes=\"(max-width: 2200px) 100vw, 2200px\" \/>                                <\/div>\n                                                                       <\/div>\n               <\/div>\n           <\/div>\n       <\/div>\n   <\/div>","protected":false},"excerpt":{"rendered":"","protected":false},"author":1,"featured_media":0,"parent":0,"menu_order":0,"comment_status":"closed","ping_status":"closed","template":"","meta":{"_acf_changed":false,"footnotes":""},"class_list":["post-605","page","type-page","status-publish","hentry"],"acf":[],"_links":{"self":[{"href":"https:\/\/apcadma.com\/fr\/wp-json\/wp\/v2\/pages\/605","targetHints":{"allow":["GET"]}}],"collection":[{"href":"https:\/\/apcadma.com\/fr\/wp-json\/wp\/v2\/pages"}],"about":[{"href":"https:\/\/apcadma.com\/fr\/wp-json\/wp\/v2\/types\/page"}],"author":[{"embeddable":true,"href":"https:\/\/apcadma.com\/fr\/wp-json\/wp\/v2\/users\/1"}],"replies":[{"embeddable":true,"href":"https:\/\/apcadma.com\/fr\/wp-json\/wp\/v2\/comments?post=605"}],"version-history":[{"count":17,"href":"https:\/\/apcadma.com\/fr\/wp-json\/wp\/v2\/pages\/605\/revisions"}],"predecessor-version":[{"id":1343,"href":"https:\/\/apcadma.com\/fr\/wp-json\/wp\/v2\/pages\/605\/revisions\/1343"}],"wp:attachment":[{"href":"https:\/\/apcadma.com\/fr\/wp-json\/wp\/v2\/media?parent=605"}],"curies":[{"name":"wp","href":"https:\/\/api.w.org\/{rel}","templated":true}]}}